{"id":174,"date":"2018-08-25T15:23:36","date_gmt":"2018-08-25T13:23:36","guid":{"rendered":"http:\/\/stadtundkunst.de\/?page_id=174"},"modified":"2021-05-15T08:21:25","modified_gmt":"2021-05-15T06:21:25","slug":"portraet","status":"publish","type":"page","link":"http:\/\/stadtundkunst.de\/?page_id=174","title":{"rendered":"Portr\u00e4t"},"content":{"rendered":"\t\t<div data-elementor-type=\"wp-page\" data-elementor-id=\"174\" class=\"elementor elementor-174\">\n\t\t\t\t\t\t\t\t\t<section class=\"elementor-section elementor-top-section elementor-element elementor-element-4ff4873 elementor-section-boxed elementor-section-height-default elementor-section-height-default\" data-id=\"4ff4873\" data-element_type=\"section\">\n\t\t\t\t\t\t<div class=\"elementor-container elementor-column-gap-default\">\n\t\t\t\t\t<div class=\"elementor-column elementor-col-100 elementor-top-column elementor-element elementor-element-fe7e7c0\" data-id=\"fe7e7c0\" data-element_type=\"column\">\n\t\t\t<div class=\"elementor-widget-wrap elementor-element-populated\">\n\t\t\t\t\t\t\t\t<div class=\"elementor-element elementor-element-df32dcd elementor-widget elementor-widget-image\" data-id=\"df32dcd\" data-element_type=\"widget\" data-widget_type=\"image.default\">\n\t\t\t\t<div class=\"elementor-widget-container\">\n\t\t\t\t\t\t\t\t\t\t\t\t\t\t\t<img width=\"702\" height=\"476\" src=\"http:\/\/stadtundkunst.de\/wp-content\/uploads\/2021\/05\/portaet001-1024x695.png\" class=\"attachment-large size-large\" alt=\"\" loading=\"lazy\" srcset=\"http:\/\/stadtundkunst.de\/wp-content\/uploads\/2021\/05\/portaet001-1024x695.png 1024w, http:\/\/stadtundkunst.de\/wp-content\/uploads\/2021\/05\/portaet001-300x204.png 300w, http:\/\/stadtundkunst.de\/wp-content\/uploads\/2021\/05\/portaet001-768x522.png 768w, http:\/\/stadtundkunst.de\/wp-content\/uploads\/2021\/05\/portaet001.png 1452w\" sizes=\"(max-width: 702px) 100vw, 702px\" \/>\t\t\t\t\t\t\t\t\t\t\t\t\t\t\t<\/div>\n\t\t\t\t<\/div>\n\t\t\t\t\t<\/div>\n\t\t<\/div>\n\t\t\t\t\t\t\t<\/div>\n\t\t<\/section>\n\t\t\t\t<section class=\"elementor-section elementor-top-section elementor-element elementor-element-2490e1d6 elementor-section-boxed elementor-section-height-default elementor-section-height-default\" data-id=\"2490e1d6\" data-element_type=\"section\">\n\t\t\t\t\t\t<div class=\"elementor-container elementor-column-gap-default\">\n\t\t\t\t\t<div class=\"elementor-column elementor-col-100 elementor-top-column elementor-element elementor-element-2b24fa97\" data-id=\"2b24fa97\" data-element_type=\"column\">\n\t\t\t<div class=\"elementor-widget-wrap elementor-element-populated\">\n\t\t\t\t\t\t\t\t<div class=\"elementor-element elementor-element-2e724b0c elementor-widget elementor-widget-text-editor\" data-id=\"2e724b0c\" data-element_type=\"widget\" data-widget_type=\"text-editor.default\">\n\t\t\t\t<div class=\"elementor-widget-container\">\n\t\t\t\t\t\t\t<!-- wp:paragraph -->\n<p><\/p>\n<!-- \/wp:paragraph -->\n\n<p><span style=\"font-size: medium;\"><b>N.G.Neuner<\/b><\/span><\/p>\n<p><b>Nach den abgeschlossenen Studien der Malerei und Bildhauerei an der Akademie der bildenden K\u00fcnste in M\u00fcnchen Belegung der F\u00e4cher Kunstgeschichte und Theaterwissenschaften an der LMU M\u00fcnchen.<\/b><\/p>\n<p>&nbsp;<\/p>\n<p><b>2018&nbsp;&nbsp;&nbsp;&nbsp;&nbsp;&nbsp;&nbsp;&nbsp;&nbsp;&nbsp;&nbsp;&nbsp;&nbsp;&nbsp;&nbsp;&nbsp;&nbsp;&nbsp;&nbsp;&nbsp;&nbsp;&nbsp;&nbsp;&nbsp;&nbsp;&nbsp;&nbsp;&nbsp;&nbsp;&nbsp;&nbsp; <\/b><\/p>\n<p><b>Gr\u00fcndung des e.V.<\/b><u><b> Kultur im Stadtviertel<\/b><\/u><\/p>\n<p><b>2010&nbsp;&nbsp;&nbsp;&nbsp;&nbsp;&nbsp;&nbsp;&nbsp;&nbsp;&nbsp;&nbsp;&nbsp;&nbsp;&nbsp;&nbsp;&nbsp;&nbsp;&nbsp;&nbsp;&nbsp;&nbsp;&nbsp;&nbsp;&nbsp;&nbsp;&nbsp;&nbsp;&nbsp;&nbsp;&nbsp;&nbsp;<\/b><\/p>\n<p><b> Kurator Festival \u201eRodeo\u201c <\/b><\/p>\n<p><b>2008&nbsp;&nbsp;&nbsp;&nbsp;&nbsp;&nbsp;&nbsp;&nbsp;&nbsp;&nbsp;&nbsp;&nbsp;&nbsp;&nbsp;&nbsp;&nbsp;&nbsp;&nbsp;&nbsp;&nbsp;&nbsp;&nbsp;&nbsp;&nbsp;&nbsp;&nbsp;&nbsp;&nbsp;&nbsp;&nbsp; <\/b><\/p>\n<p><b>\u201estarke st\u00fccke\u201c 08 Festival in 5 H\u00e4usern<\/b><\/p>\n<p><b>2005&nbsp;&nbsp;&nbsp;&nbsp;&nbsp;&nbsp;&nbsp;&nbsp;&nbsp;&nbsp;&nbsp;&nbsp;&nbsp;&nbsp;&nbsp;&nbsp;&nbsp;&nbsp;&nbsp;&nbsp;&nbsp;&nbsp;&nbsp;&nbsp;&nbsp;&nbsp;&nbsp;&nbsp;&nbsp; <\/b><\/p>\n<p><b>&nbsp;\u201estarke st\u00fccke \u201e im Schlo\u00df<\/b><\/p>\n<p><b>1990&nbsp;&nbsp;&nbsp;&nbsp;&nbsp;&nbsp;&nbsp;&nbsp;&nbsp;&nbsp;&nbsp;&nbsp;&nbsp;&nbsp;&nbsp;&nbsp;&nbsp;&nbsp;&nbsp;&nbsp;&nbsp;&nbsp;&nbsp;&nbsp;&nbsp;&nbsp;&nbsp;&nbsp;&nbsp;&nbsp;&nbsp;<\/b><\/p>\n<p><b> \u201estarke st\u00fccke 90\u201c Tanz- Theaterfestival Berlin\/<\/b><\/p>\n<p><b>Barcelona\/M\u00fcnchen<br><\/b><\/p>\n<p>&nbsp;<\/p>\n<p><b>1982&nbsp;&nbsp;&nbsp;&nbsp;&nbsp;&nbsp;&nbsp;&nbsp;&nbsp;&nbsp;&nbsp;&nbsp;&nbsp;&nbsp;&nbsp;&nbsp;&nbsp;&nbsp;&nbsp;&nbsp;&nbsp;&nbsp;&nbsp;&nbsp;&nbsp;&nbsp;&nbsp;&nbsp;&nbsp;&nbsp;&nbsp;<\/b><\/p>\n<p><b> Gr\u00fcndung des ETA Theaters<\/b><\/p>\n<p><b>1979 \u2013 1982&nbsp;&nbsp;&nbsp;&nbsp;&nbsp;&nbsp;&nbsp;&nbsp;&nbsp;&nbsp;&nbsp;&nbsp;&nbsp;&nbsp;&nbsp;&nbsp;&nbsp; <\/b><\/p>\n<p><b>M\u00fcnchner Theaterfestival. Spielstra\u00dfe<\/b><\/p>\n<p><b>1979&nbsp;&nbsp;&nbsp;&nbsp;&nbsp;&nbsp;&nbsp;&nbsp;&nbsp;&nbsp;&nbsp;&nbsp;&nbsp;&nbsp;&nbsp;&nbsp;&nbsp;&nbsp;&nbsp;&nbsp;&nbsp;&nbsp;&nbsp;&nbsp;&nbsp;&nbsp;&nbsp;&nbsp;&nbsp;&nbsp;&nbsp; <\/b><\/p>\n<p><b>Gr\u00fcndung des e.V. <\/b><u><b>stadtundkunst<\/b><\/u><\/p>\n<p><b>1976&nbsp;&nbsp;&nbsp;&nbsp;&nbsp;&nbsp;&nbsp;&nbsp;&nbsp;&nbsp;&nbsp;&nbsp;&nbsp;&nbsp;&nbsp;&nbsp;&nbsp;&nbsp;&nbsp;&nbsp;&nbsp;&nbsp;&nbsp;&nbsp;&nbsp;&nbsp;&nbsp;&nbsp;&nbsp;&nbsp;&nbsp;<\/b><\/p>\n<p><b>Vorsitzender des Werkhaus e.V.<\/b><\/p>\n<p><b>1976&nbsp;&nbsp;&nbsp;&nbsp;&nbsp;&nbsp;&nbsp;&nbsp;&nbsp;&nbsp;&nbsp;&nbsp;&nbsp;&nbsp;&nbsp;&nbsp;&nbsp;&nbsp;&nbsp;&nbsp;&nbsp;&nbsp;&nbsp;&nbsp;&nbsp;&nbsp;&nbsp;&nbsp;&nbsp;&nbsp; <\/b><\/p>\n<p><b>Gr\u00fcndung des Schwabinger Weihnachtsmarktes<\/b><\/p>\t\t\t\t\t\t<\/div>\n\t\t\t\t<\/div>\n\t\t\t\t\t<\/div>\n\t\t<\/div>\n\t\t\t\t\t\t\t<\/div>\n\t\t<\/section>\n\t\t\t\t\t\t\t<\/div>\n\t\t","protected":false},"excerpt":{"rendered":"<p>N.G.Neuner Nach den abgeschlossenen Studien der Malerei und Bildhauerei an der Akademie der bildenden K\u00fcnste in M\u00fcnchen Belegung der F\u00e4cher Kunstgeschichte und Theaterwissenschaften an der LMU M\u00fcnchen. &nbsp; 2018&nbsp;&nbsp;&nbsp;&nbsp;&nbsp;&nbsp;&nbsp;&nbsp;&nbsp;&nbsp;&nbsp;&nbsp;&nbsp;&nbsp;&nbsp;&nbsp;&nbsp;&nbsp;&nbsp;&nbsp;&nbsp;&nbsp;&nbsp;&nbsp;&nbsp;&nbsp;&nbsp;&nbsp;&nbsp;&nbsp;&nbsp; Gr\u00fcndung des e.V. Kultur im Stadtviertel 2010&nbsp;&nbsp;&nbsp;&nbsp;&nbsp;&nbsp;&nbsp;&nbsp;&nbsp;&nbsp;&nbsp;&nbsp;&nbsp;&nbsp;&nbsp;&nbsp;&nbsp;&nbsp;&nbsp;&nbsp;&nbsp;&nbsp;&nbsp;&nbsp;&nbsp;&nbsp;&nbsp;&nbsp;&nbsp;&nbsp;&nbsp; Kurator Festival \u201eRodeo\u201c 2008&nbsp;&nbsp;&nbsp;&nbsp;&nbsp;&nbsp;&nbsp;&nbsp;&nbsp;&nbsp;&nbsp;&nbsp;&nbsp;&nbsp;&nbsp;&nbsp;&nbsp;&nbsp;&nbsp;&nbsp;&nbsp;&nbsp;&nbsp;&nbsp;&nbsp;&nbsp;&nbsp;&nbsp;&nbsp;&nbsp; \u201estarke st\u00fccke\u201c 08 Festival in 5 H\u00e4usern 2005&nbsp;&nbsp;&nbsp;&nbsp;&nbsp;&nbsp;&nbsp;&nbsp;&nbsp;&nbsp;&nbsp;&nbsp;&nbsp;&nbsp;&nbsp;&nbsp;&nbsp;&nbsp;&nbsp;&nbsp;&nbsp;&nbsp;&nbsp;&nbsp;&nbsp;&nbsp;&nbsp;&nbsp;&nbsp; &nbsp;\u201estarke st\u00fccke \u201e im Schlo\u00df 1990&nbsp;&nbsp;&nbsp;&nbsp;&nbsp;&nbsp;&nbsp;&nbsp;&nbsp;&nbsp;&nbsp;&nbsp;&nbsp;&nbsp;&nbsp;&nbsp;&nbsp;&nbsp;&nbsp;&nbsp;&nbsp;&nbsp;&nbsp;&nbsp;&nbsp;&nbsp;&nbsp;&nbsp;&nbsp;&nbsp;&nbsp; \u201estarke [&hellip;]<\/p>\n","protected":false},"author":1,"featured_media":0,"parent":0,"menu_order":0,"comment_status":"closed","ping_status":"closed","template":"","meta":{"ngg_post_thumbnail":0},"_links":{"self":[{"href":"http:\/\/stadtundkunst.de\/index.php?rest_route=\/wp\/v2\/pages\/174"}],"collection":[{"href":"http:\/\/stadtundkunst.de\/index.php?rest_route=\/wp\/v2\/pages"}],"about":[{"href":"http:\/\/stadtundkunst.de\/index.php?rest_route=\/wp\/v2\/types\/page"}],"author":[{"embeddable":true,"href":"http:\/\/stadtundkunst.de\/index.php?rest_route=\/wp\/v2\/users\/1"}],"replies":[{"embeddable":true,"href":"http:\/\/stadtundkunst.de\/index.php?rest_route=%2Fwp%2Fv2%2Fcomments&post=174"}],"version-history":[{"count":9,"href":"http:\/\/stadtundkunst.de\/index.php?rest_route=\/wp\/v2\/pages\/174\/revisions"}],"predecessor-version":[{"id":412,"href":"http:\/\/stadtundkunst.de\/index.php?rest_route=\/wp\/v2\/pages\/174\/revisions\/412"}],"wp:attachment":[{"href":"http:\/\/stadtundkunst.de\/index.php?rest_route=%2Fwp%2Fv2%2Fmedia&parent=174"}],"curies":[{"name":"wp","href":"https:\/\/api.w.org\/{rel}","templated":true}]}}