{"id":461,"date":"2021-05-16T06:23:36","date_gmt":"2021-05-16T04:23:36","guid":{"rendered":"http:\/\/stadtundkunst.de\/?page_id=461"},"modified":"2021-05-16T07:36:50","modified_gmt":"2021-05-16T05:36:50","slug":"anthologie","status":"publish","type":"page","link":"http:\/\/stadtundkunst.de\/?page_id=461","title":{"rendered":"Anthologie"},"content":{"rendered":"\t\t<div data-elementor-type=\"wp-page\" data-elementor-id=\"461\" class=\"elementor elementor-461\">\n\t\t\t\t\t\t\t\t\t<section class=\"elementor-section elementor-top-section elementor-element elementor-element-bbc3485 elementor-section-boxed elementor-section-height-default elementor-section-height-default\" data-id=\"bbc3485\" data-element_type=\"section\">\n\t\t\t\t\t\t<div class=\"elementor-container elementor-column-gap-default\">\n\t\t\t\t\t<div class=\"elementor-column elementor-col-100 elementor-top-column elementor-element elementor-element-b5e8c49\" data-id=\"b5e8c49\" data-element_type=\"column\" data-settings=\"{&quot;background_background&quot;:&quot;classic&quot;}\">\n\t\t\t<div class=\"elementor-widget-wrap elementor-element-populated\">\n\t\t\t\t\t\t\t\t<div class=\"elementor-element elementor-element-1197783 elementor-widget elementor-widget-text-editor\" data-id=\"1197783\" data-element_type=\"widget\" data-widget_type=\"text-editor.default\">\n\t\t\t\t<div class=\"elementor-widget-container\">\n\t\t\t\t\t\t\t<p><span style=\"font-size: 14pt;\"><strong>Les enfants perdus<\/strong><\/span><br \/>Die Schwangere und der Gatte hinter der Rastst\u00e4tte<\/p><p>Der Gatte schirrt im Stra\u00dfengrau<br \/>die Worteh\u00fclsen an den Liebesstau.<br \/>Sein Pfau verteert das Sommerkleid.<br \/>Im Tonnenlicht der Billig &#8211; Reisen<br \/>st\u00fcrzt Leibesfrucht,<br \/>ummantelt G\u00fcrtelreifen.<br \/>Zwei M\u00e4dchen fahren blind.<br \/>Ihr Abrieb streut.<br \/>Die Eltern atmen Kind.<br \/>Die Fastfood St\u00e4tte lagert m\u00fcde<br \/>zum Morgen hin.<br \/>Der Zwillingsreifen singt.<br \/>Die Kolben lecken hei\u00dfes Eisen,<br \/>die Einwegt\u00fcte flattert<br \/>tomatenrot im Morgenwind.<\/p>\t\t\t\t\t\t<\/div>\n\t\t\t\t<\/div>\n\t\t\t\t\t<\/div>\n\t\t<\/div>\n\t\t\t\t\t\t\t<\/div>\n\t\t<\/section>\n\t\t\t\t<section class=\"elementor-section elementor-top-section elementor-element elementor-element-94f28a8 elementor-section-boxed elementor-section-height-default elementor-section-height-default\" data-id=\"94f28a8\" data-element_type=\"section\">\n\t\t\t\t\t\t<div class=\"elementor-container elementor-column-gap-default\">\n\t\t\t\t\t<div class=\"elementor-column elementor-col-100 elementor-top-column elementor-element elementor-element-f084dc6\" data-id=\"f084dc6\" data-element_type=\"column\" data-settings=\"{&quot;background_background&quot;:&quot;classic&quot;}\">\n\t\t\t<div class=\"elementor-widget-wrap elementor-element-populated\">\n\t\t\t\t\t\t\t\t<div class=\"elementor-element elementor-element-389308b elementor-widget elementor-widget-text-editor\" data-id=\"389308b\" data-element_type=\"widget\" data-widget_type=\"text-editor.default\">\n\t\t\t\t<div class=\"elementor-widget-container\">\n\t\t\t\t\t\t\t<p><span style=\"font-size: 14pt;\"><strong>Lied der Zur\u00fcckgelassenen<\/strong><\/span><\/p><p>Meine Gedanken an meine aus dem K\u00f6rper Gest\u00fcrzten<br \/>verbrennen meine Gedanken.<br \/>Lodernd.<br \/>Sie werden um dich Ringelreih tanzen und deinen Namen, den es nicht gibt,<br \/>dir in die Kniekehlen spucken.<br \/>Z\u00fcnd diesen Pfau an.<br \/>Wenn die Zwillinge auf dem Asphalt ausbl\u00fchen,<br \/>Lieder \u00fcber die Felder singen,<br \/>leer ich mein Blut \u00fcber dein Rad, in dem Asseln einnisten.<\/p>\t\t\t\t\t\t<\/div>\n\t\t\t\t<\/div>\n\t\t\t\t\t<\/div>\n\t\t<\/div>\n\t\t\t\t\t\t\t<\/div>\n\t\t<\/section>\n\t\t\t\t<section class=\"elementor-section elementor-top-section elementor-element elementor-element-bdf25ce elementor-section-boxed elementor-section-height-default elementor-section-height-default\" data-id=\"bdf25ce\" data-element_type=\"section\">\n\t\t\t\t\t\t<div class=\"elementor-container elementor-column-gap-default\">\n\t\t\t\t\t<div class=\"elementor-column elementor-col-100 elementor-top-column elementor-element elementor-element-54c624c\" data-id=\"54c624c\" data-element_type=\"column\" data-settings=\"{&quot;background_background&quot;:&quot;classic&quot;}\">\n\t\t\t<div class=\"elementor-widget-wrap elementor-element-populated\">\n\t\t\t\t\t\t\t\t<div class=\"elementor-element elementor-element-7b8facc elementor-widget elementor-widget-text-editor\" data-id=\"7b8facc\" data-element_type=\"widget\" data-widget_type=\"text-editor.default\">\n\t\t\t\t<div class=\"elementor-widget-container\">\n\t\t\t\t\t\t\t<p><span style=\"font-size: 14pt;\"><strong>Jemen. Die Hafenstadt Aden<\/strong><\/span><br \/>.<br \/>Rotgl\u00fchende Finger in eiserner Tracht,<br \/>vom Meer getrennt,<br \/>erstarrt im Geh\u00e4use,<br \/>sprengen die Nacht.<br \/>Komprimiert, verdichtet, entbrannt,<br \/>frisst die Lagune, rodet die Segel,<br \/>rei\u00dft die Schiffe, entz\u00fcndet die See.<br \/>Fl\u00fcchtender Himmel spiegelt das brennenden Haff.<br \/>In den Hafen gesp\u00fclt<br \/>vom Pier hinab<br \/>endet das Wesen der Stadt.<\/p>\t\t\t\t\t\t<\/div>\n\t\t\t\t<\/div>\n\t\t\t\t\t<\/div>\n\t\t<\/div>\n\t\t\t\t\t\t\t<\/div>\n\t\t<\/section>\n\t\t\t\t<section class=\"elementor-section elementor-top-section elementor-element elementor-element-06768fd elementor-section-boxed elementor-section-height-default elementor-section-height-default\" data-id=\"06768fd\" data-element_type=\"section\">\n\t\t\t\t\t\t<div class=\"elementor-container elementor-column-gap-default\">\n\t\t\t\t\t<div class=\"elementor-column elementor-col-100 elementor-top-column elementor-element elementor-element-1f50d69\" data-id=\"1f50d69\" data-element_type=\"column\" data-settings=\"{&quot;background_background&quot;:&quot;classic&quot;}\">\n\t\t\t<div class=\"elementor-widget-wrap elementor-element-populated\">\n\t\t\t\t\t\t\t\t<div class=\"elementor-element elementor-element-b51456d elementor-widget elementor-widget-text-editor\" data-id=\"b51456d\" data-element_type=\"widget\" data-widget_type=\"text-editor.default\">\n\t\t\t\t<div class=\"elementor-widget-container\">\n\t\t\t\t\t\t\t<p><span style=\"font-size: 14pt;\"><strong>Kosice<\/strong><\/span><br \/>Ungarn 26.6.1941. Hitler wirft Bomben auf die ungarische Stadt Kosice. Ungarn glaubt an einen Angriff Stalins. Kriegseintritt Ungarns gegen Russland erfolgt.<\/p><p><br \/>An einem Schabbat, wir sa\u00dfen im Garten,<br \/>warf sich die Sonne auf Kosice.<br \/>Das Geh\u00f6ft erbrach in die Keller.<br \/>Feuer ritt auf dem Dach,<br \/>Mohn brandete gegen die Stadt.<br \/>Splitter kappten den Lindenbaum,<br \/>\u00f6ffneten Anya die Stirn.<br \/>Rosfarbenes Harz rann aus der Vergangenheit,<br \/>sp\u00fclte die Sorgen der Mutter zum Hang.<br \/>Die Magd unterm Stein klagte,<br \/>dem Haus fehle die Leichtigkeit.<br \/>H\u00e4nde mit N\u00e4geln der Nachbarn<br \/>schafften vom Leib ihr den Stein.<br \/>Geschrien hat sie: Schabbat.<br \/>Gott verdamme euch.<br \/>Tot war sie. Schabbath.<br \/>Ich sah den Hund, geteilt, zwischen dem Halm.<\/p>\t\t\t\t\t\t<\/div>\n\t\t\t\t<\/div>\n\t\t\t\t\t<\/div>\n\t\t<\/div>\n\t\t\t\t\t\t\t<\/div>\n\t\t<\/section>\n\t\t\t\t<section class=\"elementor-section elementor-top-section elementor-element elementor-element-9c51655 elementor-section-boxed elementor-section-height-default elementor-section-height-default\" data-id=\"9c51655\" data-element_type=\"section\">\n\t\t\t\t\t\t<div class=\"elementor-container elementor-column-gap-default\">\n\t\t\t\t\t<div class=\"elementor-column elementor-col-100 elementor-top-column elementor-element elementor-element-0bc8c27\" data-id=\"0bc8c27\" data-element_type=\"column\" data-settings=\"{&quot;background_background&quot;:&quot;classic&quot;}\">\n\t\t\t<div class=\"elementor-widget-wrap elementor-element-populated\">\n\t\t\t\t\t\t\t\t<div class=\"elementor-element elementor-element-5d71f99 elementor-widget elementor-widget-text-editor\" data-id=\"5d71f99\" data-element_type=\"widget\" data-widget_type=\"text-editor.default\">\n\t\t\t\t<div class=\"elementor-widget-container\">\n\t\t\t\t\t\t\t<p><span style=\"font-size: 14pt;\"><strong>Die letze Feier.<\/strong><\/span><br \/>Mandelbl\u00fctenring im Tanz<br \/>gl\u00fcht am Honig \u2013 Hang.<br \/>Junger Knab im Sturm,<br \/>springt hinab zum Kahn.<br \/>Sonne splittert das Geb\u00e4lk,<br \/>wirft zum \u00c4ther Rauch.<br \/>Trinkt den Becher, f\u00fcll mit Rot,<br \/>schreit das Leben, br\u00fcllt der Tod.<br \/>Knabe winkt mit leichter Hand<br \/>\u00fcberm Boot dem Fisch.<br \/>Blaues Rinnsal wellt im Nass,<br \/>Adern flie\u00dfen, w\u00f6lben sich.<br \/>Augenfische d\u00e4mmern,<br \/>Schattenb\u00fcsche l\u00e4ngen sich.<br \/>Schicksal tr\u00fcbt das Augenlid<br \/>Lebenswein gerinnt im Licht.<br \/>Mutter schl\u00e4ft im Spiegel &#8211; Split<br \/>Vater reibt am Felsenriff.<br \/>Nach dem Sturz,<br \/>das leere Beet.<br \/>Dornentr\u00e4nen<br \/>umhegen Leib<br \/>mit roten F\u00e4den.<\/p>\t\t\t\t\t\t<\/div>\n\t\t\t\t<\/div>\n\t\t\t\t\t<\/div>\n\t\t<\/div>\n\t\t\t\t\t\t\t<\/div>\n\t\t<\/section>\n\t\t\t\t<section class=\"elementor-section elementor-top-section elementor-element elementor-element-850a169 elementor-section-boxed elementor-section-height-default elementor-section-height-default\" data-id=\"850a169\" data-element_type=\"section\">\n\t\t\t\t\t\t<div class=\"elementor-container elementor-column-gap-default\">\n\t\t\t\t\t<div class=\"elementor-column elementor-col-100 elementor-top-column elementor-element elementor-element-698e15f\" data-id=\"698e15f\" data-element_type=\"column\" data-settings=\"{&quot;background_background&quot;:&quot;classic&quot;}\">\n\t\t\t<div class=\"elementor-widget-wrap elementor-element-populated\">\n\t\t\t\t\t\t\t\t<div class=\"elementor-element elementor-element-7d4cd32 elementor-widget elementor-widget-text-editor\" data-id=\"7d4cd32\" data-element_type=\"widget\" data-widget_type=\"text-editor.default\">\n\t\t\t\t<div class=\"elementor-widget-container\">\n\t\t\t\t\t\t\t<p><span style=\"font-size: 14pt;\"><strong>Zur ewigen Kneipe<\/strong><\/span><br \/>Wenn drei Augenpaare sich begegnen, wenn dreiM\u00fcnder l\u00e4cheln, wenn die Augenpaare die Augenpaare wechseln, und die M\u00fcnder an ihren Gl\u00e4sern nippen und l\u00e4cheln, und die M\u00fcnder keine Worte mehr wechseln, weil sie l\u00e4ngst m\u00fcde sind, l\u00e4chelt die Zeit mit den Augen und flie\u00dft \u00fcber die Mundr\u00e4nder ab.<\/p>\t\t\t\t\t\t<\/div>\n\t\t\t\t<\/div>\n\t\t\t\t\t<\/div>\n\t\t<\/div>\n\t\t\t\t\t\t\t<\/div>\n\t\t<\/section>\n\t\t\t\t<section class=\"elementor-section elementor-top-section elementor-element elementor-element-623c28c elementor-section-boxed elementor-section-height-default elementor-section-height-default\" data-id=\"623c28c\" data-element_type=\"section\">\n\t\t\t\t\t\t<div class=\"elementor-container elementor-column-gap-default\">\n\t\t\t\t\t<div class=\"elementor-column elementor-col-100 elementor-top-column elementor-element elementor-element-94e8f1a\" data-id=\"94e8f1a\" data-element_type=\"column\" data-settings=\"{&quot;background_background&quot;:&quot;classic&quot;}\">\n\t\t\t<div class=\"elementor-widget-wrap elementor-element-populated\">\n\t\t\t\t\t\t\t\t<div class=\"elementor-element elementor-element-de60065 elementor-widget elementor-widget-text-editor\" data-id=\"de60065\" data-element_type=\"widget\" data-widget_type=\"text-editor.default\">\n\t\t\t\t<div class=\"elementor-widget-container\">\n\t\t\t\t\t\t\t<p><span style=\"font-size: 14pt;\"><strong>Die Stationsschwester<\/strong><\/span><br \/>Wer sind sie? Haben sie sich angemeldet? Sind sie mit der Patientin bekannt? Sind sie mit ihr verwandt? Haben sie Blumen mitgebracht? Warum haben sie Blumen mitgebracht?<br \/>Sollten sie Blumen mitgebracht haben, ohne Genehmigung mitgebracht haben, m\u00fcssten sie diese Blumen zuerst an der Pforte genehmigen lassen. Eine wei\u00dfe Nonne f\u00fcllt den ge\u00f6ffneten T\u00fcrrahmen. Eine wei\u00dfe, weiche Nonne steht in der T\u00fcre und beschreibt ihren Sinn. Haben sie Blumen? Blumen sind unten an der Pforte, dort, wo der gelbe Postausgangskasten h\u00e4ngt, neben diesem, zwei Schritte entfernt, bei der Dame mit den zur\u00fcckgebrachten Blumen zu genehmigen. Nur selten erteilt die Dame eine Bewilligung. Praktisch werden sie nie bewilligt. Ich verstehe und gehe. Da ich blumenlos bin, erlaubt dieser Engel Gottes mein Gehen. Ich gehe durch die G\u00e4nge und begegne Menschen, die ihre Blumen, nicht genehmigte und nicht bewilligte Blumen, die sie zur Pforte zur\u00fcckgetragen hatten, neben dem gelben Postkasten, zwei Schritte daneben, bei der Dame mit den Blumen, nicht genehmigt und bewilligt bekommen haben, die sie nun, die nicht Erw\u00fcnschten mir anbieten, sie mir fast aufdr\u00e4ngen wollen, denn ich bin blumenlos. Sollte ich &#8211; ich bewege mich zum Ausgang &#8211; sollte ich diese mir aufgedr\u00e4ngten Blumen, die sie mir in die Hand dr\u00fccken, genehmigt und bewilligt bekommen, k\u00f6nnte ich sie auf dem Fenstersims neben dem Blumengenehmigungsschalter abstellen und mit den Bewilligungsetiketten, sichtbar f\u00fcr die Erfolglosen, denen ihre Blumen abgenommen wurden, k\u00f6nnte ich sie f\u00fcr die, die nicht das Gl\u00fcck hatten, Blumen bewilligt bekommen zu haben, dort hinstellen. Ich k\u00f6nnte mich seitlich neben dem Postausgangskasten an die Wand lehnen und diese, die zuvor ihre Blumen hergeben mussten, weinend und lachend, nat\u00fcrlich erst dann lachend, wenn sie meine genehmigten Blumen auf dem Fenstersims gesehen h\u00e4tten, k\u00f6nnte ich sie lachend laufen sehen zur\u00fcck zu ihrer Kranken.<\/p>\t\t\t\t\t\t<\/div>\n\t\t\t\t<\/div>\n\t\t\t\t\t<\/div>\n\t\t<\/div>\n\t\t\t\t\t\t\t<\/div>\n\t\t<\/section>\n\t\t\t\t<section class=\"elementor-section elementor-top-section elementor-element elementor-element-a104d63 elementor-section-boxed elementor-section-height-default elementor-section-height-default\" data-id=\"a104d63\" data-element_type=\"section\">\n\t\t\t\t\t\t<div class=\"elementor-container elementor-column-gap-default\">\n\t\t\t\t\t<div class=\"elementor-column elementor-col-100 elementor-top-column elementor-element elementor-element-7d52a9d\" data-id=\"7d52a9d\" data-element_type=\"column\" data-settings=\"{&quot;background_background&quot;:&quot;classic&quot;}\">\n\t\t\t<div class=\"elementor-widget-wrap elementor-element-populated\">\n\t\t\t\t\t\t\t\t<div class=\"elementor-element elementor-element-c026d43 elementor-widget elementor-widget-text-editor\" data-id=\"c026d43\" data-element_type=\"widget\" data-widget_type=\"text-editor.default\">\n\t\t\t\t<div class=\"elementor-widget-container\">\n\t\t\t\t\t\t\t<p><strong><span style=\"font-size: 14pt;\">Das Winter Gewitter<\/span><\/strong><br \/>Wei\u00dfer Mull, unendlich viel wei\u00dfer Mull hat sich auf den Atem der Stadt gelegt. Die Farbe verstummt. Kinder, V\u00e4ter, M\u00fctter starren ungl\u00e4ubig auf die von den D\u00e4chern st\u00fcrzenden Schneemassen. Die Wut des Himmels erschreckt die<br \/>Menschen. Es ist Dezember und der Himmel, jammern die Alten, r\u00e4cht vor der Geburt den Tod seines Sohnes. Und die Greise und ihre Weiber wickeln sich fr\u00f6stelnd in ihre geh\u00e4kelten Stores und blicken den Augapfel des g\u00f6ttlichen Zorns.<br \/>Und die H\u00e4user halten sich zitternd mit dem beladenen D\u00e4chern \u00fcber dem schneeigen Sumpf. Und die Lernschwestern im kliniknahen Schulungszentrum umwickeln beflissen die Arme ihrer Freundinnen mit wei\u00dfen Bandagen und stillen das hei\u00dfe Blut ihrer Schwestern. Von Speerspitzen tr\u00e4umen sie und \u00fcben im<br \/>Stillen.<\/p>\t\t\t\t\t\t<\/div>\n\t\t\t\t<\/div>\n\t\t\t\t\t<\/div>\n\t\t<\/div>\n\t\t\t\t\t\t\t<\/div>\n\t\t<\/section>\n\t\t\t\t<section class=\"elementor-section elementor-top-section elementor-element elementor-element-7bcd514 elementor-section-boxed elementor-section-height-default elementor-section-height-default\" data-id=\"7bcd514\" data-element_type=\"section\">\n\t\t\t\t\t\t<div class=\"elementor-container elementor-column-gap-default\">\n\t\t\t\t\t<div class=\"elementor-column elementor-col-100 elementor-top-column elementor-element elementor-element-64633ff\" data-id=\"64633ff\" data-element_type=\"column\" data-settings=\"{&quot;background_background&quot;:&quot;classic&quot;}\">\n\t\t\t<div class=\"elementor-widget-wrap elementor-element-populated\">\n\t\t\t\t\t\t\t\t<div class=\"elementor-element elementor-element-7f2404c elementor-widget elementor-widget-text-editor\" data-id=\"7f2404c\" data-element_type=\"widget\" data-widget_type=\"text-editor.default\">\n\t\t\t\t<div class=\"elementor-widget-container\">\n\t\t\t\t\t\t\t<p><span style=\"font-size: 14pt;\"><strong>Das Flugzeug st\u00fcrzt.<\/strong><\/span><br \/>Aus den Wolken, blutend, sticht des Himmels Titan.<br \/>Beraubt ihrer Bestimmung, nahe dem Seeteufel,<br \/>schwebt an\u00e4misch die Luxust\u00fcte. Gr\u00fcnglasgelee umschweigt die vergoldete H\u00fclle. Nach Salto und Pirouette schlagen b\u00e4uchlings die G\u00e4ste, zeitverschoben, hart auf Metall. Das Riff rei\u00dft den Balg des bleiernen Vogels, spreizt seinen Bauch, sch\u00e4chtet das Tier.<br \/>Hochschie\u00dfende Silbersp\u00e4ne schneiden die See.<br \/>In seinen Bauch ergie\u00dft sich der Schwertfisch.<br \/>Der Toten Arme gr\u00fc\u00dfend, schlingern versonnen im Laich.<br \/>Verr\u00fcckt ist der Rumpf, entr\u00fcckt hat sie die See.<\/p>\t\t\t\t\t\t<\/div>\n\t\t\t\t<\/div>\n\t\t\t\t\t<\/div>\n\t\t<\/div>\n\t\t\t\t\t\t\t<\/div>\n\t\t<\/section>\n\t\t\t\t<section class=\"elementor-section elementor-top-section elementor-element elementor-element-dbe74a7 elementor-section-boxed elementor-section-height-default elementor-section-height-default\" data-id=\"dbe74a7\" data-element_type=\"section\">\n\t\t\t\t\t\t<div class=\"elementor-container elementor-column-gap-default\">\n\t\t\t\t\t<div class=\"elementor-column elementor-col-100 elementor-top-column elementor-element elementor-element-997fe8a\" data-id=\"997fe8a\" data-element_type=\"column\" data-settings=\"{&quot;background_background&quot;:&quot;classic&quot;}\">\n\t\t\t<div class=\"elementor-widget-wrap elementor-element-populated\">\n\t\t\t\t\t\t\t\t<div class=\"elementor-element elementor-element-5c4aa63 elementor-widget elementor-widget-text-editor\" data-id=\"5c4aa63\" data-element_type=\"widget\" data-widget_type=\"text-editor.default\">\n\t\t\t\t<div class=\"elementor-widget-container\">\n\t\t\t\t\t\t\t<p><strong><span style=\"font-size: 14pt;\">Die schwarze Energie<\/span><\/strong><br \/>Alle Wanderer treibt der Sturm herauf in die H\u00f6he zum Krater. Dorthin bl\u00e4st der Nord unerbittlich die schwarzen Flocken, aufst\u00fcrzend vom tiefliegenden Tal, dahinstiebend \u00fcber nachtdunkle Tannenlaken, gepeitscht von den Winden \u00fcber den steinernen \u00dcberhang, hin zur Altarkrone. Auf dem Kamm lagert sich das elebte ab. Kein Haupt f\u00fchrt hier Regie. Das schwarze Loch h\u00f6hnt und saugt in sich die Welt.<\/p>\t\t\t\t\t\t<\/div>\n\t\t\t\t<\/div>\n\t\t\t\t\t<\/div>\n\t\t<\/div>\n\t\t\t\t\t\t\t<\/div>\n\t\t<\/section>\n\t\t\t\t<section class=\"elementor-section elementor-top-section elementor-element elementor-element-d5afd79 elementor-section-boxed elementor-section-height-default elementor-section-height-default\" data-id=\"d5afd79\" data-element_type=\"section\">\n\t\t\t\t\t\t<div class=\"elementor-container elementor-column-gap-default\">\n\t\t\t\t\t<div class=\"elementor-column elementor-col-100 elementor-top-column elementor-element elementor-element-40e25cc\" data-id=\"40e25cc\" data-element_type=\"column\" data-settings=\"{&quot;background_background&quot;:&quot;classic&quot;}\">\n\t\t\t<div class=\"elementor-widget-wrap elementor-element-populated\">\n\t\t\t\t\t\t\t\t<div class=\"elementor-element elementor-element-1c019f1 elementor-widget elementor-widget-text-editor\" data-id=\"1c019f1\" data-element_type=\"widget\" data-widget_type=\"text-editor.default\">\n\t\t\t\t<div class=\"elementor-widget-container\">\n\t\t\t\t\t\t\t<p><strong><span style=\"font-size: 14pt;\">Das schwarze Loch.<\/span><\/strong><br \/>Die Reise ins Innere n\u00e4hme dann Fahrt auf, hei\u00dfe es in der Welt, es verliere sich im lichtlosen Raum der Sinn darinnen. Es z\u00f6gen unmenschliche Kr\u00e4fte an den Beinen, st\u00fclpen den K\u00f6rper aus, das Innwendige kehre nach au\u00dfen. Der menschliche Schlauch dehne sich, winde und wende sich wie das Ged\u00e4rm eines Hindus im heiligen Wasser zur Waschung. Was dort Unten, was dort Oben sein wird, was nach der Fahrt durch das Loch sein wird, wei\u00df niemand. Vor Tagen ist meine Tochter vorausgeeilt. In meinen geschw\u00e4rzten Handfl\u00e4chen m\u00e4andern die Flussadern ihrer Landschaft. Versunken, wasserlos, f\u00fchren sie zu ihrem Herzen, zu ihr. Ich sehe in ihrer Zeichnung meine Last und ihr Leid.<\/p><p><em><strong>Chor:<\/strong>\u00a0 \u00a0 Die Kleider sind Fangarme.<\/em><br \/><em>Sie saugen sich in meine Haut.<\/em><br \/><em>Hinab muss ich.<\/em><br \/><em>Das Weltenkleid,<\/em><br \/><em>Trugbild leerer Gef\u00fchle,<\/em><br \/><em>hat seine W\u00e4hrung verloren.<\/em><\/p>\t\t\t\t\t\t<\/div>\n\t\t\t\t<\/div>\n\t\t\t\t\t<\/div>\n\t\t<\/div>\n\t\t\t\t\t\t\t<\/div>\n\t\t<\/section>\n\t\t\t\t<section class=\"elementor-section elementor-top-section elementor-element elementor-element-198b8c0 elementor-section-boxed elementor-section-height-default elementor-section-height-default\" data-id=\"198b8c0\" data-element_type=\"section\">\n\t\t\t\t\t\t<div class=\"elementor-container elementor-column-gap-default\">\n\t\t\t\t\t<div class=\"elementor-column elementor-col-100 elementor-top-column elementor-element elementor-element-6bcb916\" data-id=\"6bcb916\" data-element_type=\"column\" data-settings=\"{&quot;background_background&quot;:&quot;classic&quot;}\">\n\t\t\t<div class=\"elementor-widget-wrap elementor-element-populated\">\n\t\t\t\t\t\t\t\t<div class=\"elementor-element elementor-element-f17bcf0 elementor-widget elementor-widget-text-editor\" data-id=\"f17bcf0\" data-element_type=\"widget\" data-widget_type=\"text-editor.default\">\n\t\t\t\t<div class=\"elementor-widget-container\">\n\t\t\t\t\t\t\t<p><span style=\"font-size: 14pt;\"><strong>Die brennende Vogelscheuche<\/strong><\/span><br \/>Blaulicht im Sinkflug,<br \/>Rote Garben im Schilf.<br \/>Rauchendes \u00d6l auf den Wassern.<br \/>Ihr Drahtkleid hebt sich im Aufwind,<br \/>will himmelw\u00e4rts fliegen,<br \/>scheucht den Flug der fallenden L\u00e4rche.<br \/>Weib und Seele schn\u00fcrt das Geflecht,<br \/>erdet das Muster im Fleisch,<br \/>schneidet die Schenkel<br \/>sch\u00e4rft die Rippen.<br \/>Str\u00f6mendes Haar im Schlot.<br \/>Die gesplitterten N\u00e4gel spielen den Falken den Fuchs.<\/p>\t\t\t\t\t\t<\/div>\n\t\t\t\t<\/div>\n\t\t\t\t\t<\/div>\n\t\t<\/div>\n\t\t\t\t\t\t\t<\/div>\n\t\t<\/section>\n\t\t\t\t<section class=\"elementor-section elementor-top-section elementor-element elementor-element-16519fe elementor-section-boxed elementor-section-height-default elementor-section-height-default\" data-id=\"16519fe\" data-element_type=\"section\">\n\t\t\t\t\t\t<div class=\"elementor-container elementor-column-gap-default\">\n\t\t\t\t\t<div class=\"elementor-column elementor-col-100 elementor-top-column elementor-element elementor-element-067dd5e\" data-id=\"067dd5e\" data-element_type=\"column\" data-settings=\"{&quot;background_background&quot;:&quot;classic&quot;}\">\n\t\t\t<div class=\"elementor-widget-wrap elementor-element-populated\">\n\t\t\t\t\t\t\t\t<div class=\"elementor-element elementor-element-e570c9a elementor-widget elementor-widget-text-editor\" data-id=\"e570c9a\" data-element_type=\"widget\" data-widget_type=\"text-editor.default\">\n\t\t\t\t<div class=\"elementor-widget-container\">\n\t\t\t\t\t\t\t<p><span style=\"font-size: 14pt;\"><strong>Nachruf f\u00fcr K\u00f6nig Faruck<\/strong><\/span><br \/>H\u00f6r zu, ich sa\u00df, vielleicht im Traum,<br \/>nach harter Folter &#8211; Tod den Feinden &#8211;<br \/>im Ile de France zu Rom in Sommernacht.<br \/>Ein Rollstuhl, breiter als die queere Tafel,<br \/>fuhr einen Fleischberg in das Restaurant.<br \/>In dessen Gipfel f\u00e4chelten die Ober<br \/>dem eingesunkenen Sch\u00e4del im Spalier.<br \/>Der a\u00df<br \/>12 Austern in Tabasco Sauce,<br \/>f\u00fcr vier Personen Hammelkeule,<br \/>3 gro\u00dfe Schalen Pommes Frites,<br \/>2 Liter Ingwerlimonade<br \/>zum Nachtisch Sahne, Eissorbet und Kuchen.<br \/>Zum End durchrollte St\u00f6hnen,<br \/>\u00c4chzen, Furzen den Salon.<br \/>Der Tisch spie Anges\u00e4uertes zum L\u00fcster.<br \/>Zu Boden plumpst der Kopf vom Fleisch.<br \/>In Kairo aus dem Schloss gejagt,<br \/>verlor mit Lamm und Auster<br \/>in dieser Nacht<br \/>der K\u00f6nig Faruq Leib und Seele.<br \/>Auf d\u00fcsterer Stra\u00dfe sank die Hurentax.<\/p>\t\t\t\t\t\t<\/div>\n\t\t\t\t<\/div>\n\t\t\t\t\t<\/div>\n\t\t<\/div>\n\t\t\t\t\t\t\t<\/div>\n\t\t<\/section>\n\t\t\t\t<section class=\"elementor-section elementor-top-section elementor-element elementor-element-9896131 elementor-section-boxed elementor-section-height-default elementor-section-height-default\" data-id=\"9896131\" data-element_type=\"section\">\n\t\t\t\t\t\t<div class=\"elementor-container elementor-column-gap-default\">\n\t\t\t\t\t<div class=\"elementor-column elementor-col-100 elementor-top-column elementor-element elementor-element-1e212bd\" data-id=\"1e212bd\" data-element_type=\"column\" data-settings=\"{&quot;background_background&quot;:&quot;classic&quot;}\">\n\t\t\t<div class=\"elementor-widget-wrap elementor-element-populated\">\n\t\t\t\t\t\t\t\t<div class=\"elementor-element elementor-element-23dc014 elementor-widget elementor-widget-text-editor\" data-id=\"23dc014\" data-element_type=\"widget\" data-widget_type=\"text-editor.default\">\n\t\t\t\t<div class=\"elementor-widget-container\">\n\t\t\t\t\t\t\t<p><span style=\"font-size: 10pt;\"><em>in arbeit<\/em><\/span><br \/><span style=\"font-size: 10pt;\"><strong><em>Roman \u201eNeuronenestau\u201c<\/em><\/strong><\/span><br \/><span style=\"font-size: 10pt;\"><em>Berlin \u2013 Lagos \u2013 Ashkelon- Teheran<\/em><\/span><\/p>\t\t\t\t\t\t<\/div>\n\t\t\t\t<\/div>\n\t\t\t\t\t<\/div>\n\t\t<\/div>\n\t\t\t\t\t\t\t<\/div>\n\t\t<\/section>\n\t\t\t\t<section class=\"elementor-section elementor-top-section elementor-element elementor-element-021672a elementor-section-boxed elementor-section-height-default elementor-section-height-default\" data-id=\"021672a\" data-element_type=\"section\">\n\t\t\t\t\t\t<div class=\"elementor-container elementor-column-gap-default\">\n\t\t\t\t\t<div class=\"elementor-column elementor-col-100 elementor-top-column elementor-element elementor-element-b8bbf0c\" data-id=\"b8bbf0c\" data-element_type=\"column\" data-settings=\"{&quot;background_background&quot;:&quot;classic&quot;}\">\n\t\t\t<div class=\"elementor-widget-wrap elementor-element-populated\">\n\t\t\t\t\t\t\t\t<div class=\"elementor-element elementor-element-f5b0429 elementor-widget elementor-widget-image\" data-id=\"f5b0429\" data-element_type=\"widget\" data-widget_type=\"image.default\">\n\t\t\t\t<div class=\"elementor-widget-container\">\n\t\t\t\t\t\t\t\t\t\t\t\t<figure class=\"wp-caption\">\n\t\t\t\t\t\t\t\t\t\t<img width=\"702\" height=\"476\" src=\"http:\/\/stadtundkunst.de\/wp-content\/uploads\/2021\/05\/portaet001-1024x695.png\" class=\"attachment-large size-large\" alt=\"\" loading=\"lazy\" srcset=\"http:\/\/stadtundkunst.de\/wp-content\/uploads\/2021\/05\/portaet001-1024x695.png 1024w, http:\/\/stadtundkunst.de\/wp-content\/uploads\/2021\/05\/portaet001-300x204.png 300w, http:\/\/stadtundkunst.de\/wp-content\/uploads\/2021\/05\/portaet001-768x522.png 768w, http:\/\/stadtundkunst.de\/wp-content\/uploads\/2021\/05\/portaet001.png 1452w\" sizes=\"(max-width: 702px) 100vw, 702px\" \/>\t\t\t\t\t\t\t\t\t\t\t<figcaption class=\"widget-image-caption wp-caption-text\"><\/figcaption>\n\t\t\t\t\t\t\t\t\t\t<\/figure>\n\t\t\t\t\t\t\t\t\t<\/div>\n\t\t\t\t<\/div>\n\t\t\t\t\t<\/div>\n\t\t<\/div>\n\t\t\t\t\t\t\t<\/div>\n\t\t<\/section>\n\t\t\t\t<section class=\"elementor-section elementor-top-section elementor-element elementor-element-ed17bfa elementor-section-boxed elementor-section-height-default elementor-section-height-default\" data-id=\"ed17bfa\" data-element_type=\"section\">\n\t\t\t\t\t\t<div class=\"elementor-container elementor-column-gap-default\">\n\t\t\t\t\t<div class=\"elementor-column elementor-col-100 elementor-top-column elementor-element elementor-element-d053f23\" data-id=\"d053f23\" data-element_type=\"column\" data-settings=\"{&quot;background_background&quot;:&quot;classic&quot;}\">\n\t\t\t<div class=\"elementor-widget-wrap elementor-element-populated\">\n\t\t\t\t\t\t\t\t<div class=\"elementor-element elementor-element-e2b38fb elementor-widget elementor-widget-text-editor\" data-id=\"e2b38fb\" data-element_type=\"widget\" data-widget_type=\"text-editor.default\">\n\t\t\t\t<div class=\"elementor-widget-container\">\n\t\t\t\t\t\t\t<p><span style=\"font-size: 14pt;\">Roman \u201eNeuronenstau\u201c<\/span><\/p><p>Mehrere Erz\u00e4hlstr\u00e4nge f\u00fchren die ins Leben Zur\u00fcckgekehrten wieder zueinander. Die Familie Maria und Herbert Sommerland, eine achtbare mit drei T\u00f6chtern gesegnete Familie schafft die Folie, auf der die Protagonisten, Keelchen, die Wiederg\u00e4ngerin des F\u00f6tus von Goethes Gretchen, ihr Liebhaber von Faustscher Pr\u00e4gung, der Albino Wotokaduku, die Kriegsreporterin Dana Sommerland, entsprungen einem au\u00dferehelichen Fehltritt ihrer Mutter, der Schauspieler Semper Alb\u00e8rt, der in einer filmischen Aufbereitung der Schiffstrag\u00f6die Wilhelm Gustloff zu Ruhm gelangt, ihr Leben in einem vom Sp\u00e4tkapitalismus dominierten Epoche nocheinmal gestalten.<\/p>\t\t\t\t\t\t<\/div>\n\t\t\t\t<\/div>\n\t\t\t\t\t<\/div>\n\t\t<\/div>\n\t\t\t\t\t\t\t<\/div>\n\t\t<\/section>\n\t\t\t\t<section class=\"elementor-section elementor-top-section elementor-element elementor-element-982dd7d elementor-section-boxed elementor-section-height-default elementor-section-height-default\" data-id=\"982dd7d\" data-element_type=\"section\">\n\t\t\t\t\t\t<div class=\"elementor-container elementor-column-gap-default\">\n\t\t\t\t\t<div class=\"elementor-column elementor-col-100 elementor-top-column elementor-element elementor-element-a7fda8d\" data-id=\"a7fda8d\" data-element_type=\"column\" data-settings=\"{&quot;background_background&quot;:&quot;classic&quot;}\">\n\t\t\t<div class=\"elementor-widget-wrap elementor-element-populated\">\n\t\t\t\t\t\t\t\t<div class=\"elementor-element elementor-element-4437f4f elementor-widget elementor-widget-text-editor\" data-id=\"4437f4f\" data-element_type=\"widget\" data-widget_type=\"text-editor.default\">\n\t\t\t\t<div class=\"elementor-widget-container\">\n\t\t\t\t\t\t\t<p>Die Seele des Schauspielers Semper Alb\u00e8rt 2020 war schon einmal zu Gast in der Figur des Semper Albertina 1876.<br \/>Semper Albertina, ein Wiener Schauspieler, 1876 in der Spiegelgasse als Sohn eines Kurzwarenh\u00e4ndlers geboren, lernte seine Zuk\u00fcnftige, Helene Streicher, im Apollo,<br \/>einem Volkstheatertempel am Spittelberg kennen. In Liebe entbrannt, ohne gesichertes Einkommen, mit dem \u00fcbersteigerten Wunsch viele kleine Helenchen in die Welt zu setzen, rang ihm die fromme Helene das Gel\u00fcbde ab, sich bei der Marine Assekuranz der Norddeutsche Loyd NDL, bei der Vater Streicher schon Jahrzehnte zugebracht und sich einen veritablen Posten erarbeitet hatte, zu verdingen. Zeit seines Lebens trauerte Herr Albertian trotz beruflicher Meriten seinem Schauspielberuf nach. Mit 30 erhebt er die Feder wieder die Gleichf\u00f6rmigkeit seines Berufs. Er beginnt mit dem Schreiben von Schiffsdramen.<br \/>Sein Dramolett, \u201eDie Cimbre, Leidenschaft und Untergang\u201c, das eine Liebesgeschichte verbunden mit der Kollision des deutschen Passagierdampfers Cimbri am 30. Mai 1883 mit dem englischen Frachter Sultan verkn\u00fcpft, in dessen Folge 437 Menschen zu Tode kamen, wurde in der Kronenzeitung 1907 abgedruckt.<br \/>Als jedoch das 7. Kind, der einzige Sohn der Albertinas, beim Spielen mit drei Jahren in einer Lache 1908 ertrunken war, verbat sich Helene solch unsinnigen Zeitvertreib.<br \/>1914 bis 1917 k\u00e4mpfte Semper als gemeiner Soldat gegen die Franzosen in Verdun, bis ihn der Kommandant 1917 vorzeitig wegen seiner pl\u00f6tzlich auftretenden Fallsucht<br \/>in die Heimat zur\u00fcck schickte.<br \/>Der 41 j\u00e4hrige Kriegsinvalide wurde von der NDL nicht mehr eingestellt. Seine Frau, die Kinder waren au\u00dfer Haus, verdingte sich als Putzfrau bei diversen Herrschaften. 1932<br \/>verstarb Helene an Herzinsuffizienz.<br \/>In jenen Tagen der Trauer griff Semper zu Wein und Feder und schuf sein wichtigstes Dramolett. Der Roman \u201eDie Eisnacht auf der Titanic\u201c wurde als Fortsetzungsroman in mehreren Wiener Tageszeitungen abgedruckt. Dem literarischen Oeuvre gelang sogar der Sprung bis hinein in den bayrischen Raum. Mit dem aufkommenden Nationalsozialismus mehrten sich die Anfragen der Presse. Bald gelang es Semper Albertina mit seinen Untergangs Elogen seinen Lebensunterhalt zu bestreiten. Sein<br \/>Werk, in dem die letzten Stunden des Passagierschiffs Austria, auf der am 13.9.1858 ein Feuer ausgebrochen war, 1933 pastos aufflammten, blieb unvollendet. Im Rausch, nicht des Schreibens, herr\u00fchrend von Wein, Schnaps und Trauer, verlor der Schriftsteller das physische Gleichgewicht, st\u00fcrzte kopf\u00fcber, wie sein Sohn Atter, als er irrigerweise des Nachbars Vorgarten betrat, in dessen flachen Seerosent\u00fcmpel. Die Witwe der Einliegerwohnung \u2013 die Hausbesitzer schulten ihr politisches Gewissen im fernen M\u00fcnchen \u2013 sorgte sich mehr um die Goldfische, denn um den gew\u00e4sserten Herren, dessen Seele sich l\u00e4ngst zu den 471 Toten der Austria gesellt hatte.<br \/>Fr\u00fchmorgens sah aus dem Teich Herr Albertina und z\u00e4hlte die Wolken. Wenig davon beeindruckt, schwammen die Zierfische um das von vielen \u00c4dern durchzogenen, wei\u00dfe Trinkergesicht\u2026\u2026<br \/>Anmerkung des Autors : Die Seele des Herrn Semper Albertina fand sich wieder im Corpus des Schauspielers Semper Alb\u00e8rt im 21 Jahrhundert.<\/p>\t\t\t\t\t\t<\/div>\n\t\t\t\t<\/div>\n\t\t\t\t\t<\/div>\n\t\t<\/div>\n\t\t\t\t\t\t\t<\/div>\n\t\t<\/section>\n\t\t\t\t\t\t\t<\/div>\n\t\t","protected":false},"excerpt":{"rendered":"<p>Les enfants perdusDie Schwangere und der Gatte hinter der Rastst\u00e4tte Der Gatte schirrt im Stra\u00dfengraudie Worteh\u00fclsen an den Liebesstau.Sein Pfau verteert das Sommerkleid.Im Tonnenlicht der Billig &#8211; Reisenst\u00fcrzt Leibesfrucht,ummantelt G\u00fcrtelreifen.Zwei M\u00e4dchen fahren blind.Ihr Abrieb streut.Die Eltern atmen Kind.Die Fastfood St\u00e4tte lagert m\u00fcdezum Morgen hin.Der Zwillingsreifen singt.Die Kolben lecken hei\u00dfes Eisen,die Einwegt\u00fcte flatterttomatenrot im Morgenwind. Lied [&hellip;]<\/p>\n","protected":false},"author":1,"featured_media":0,"parent":0,"menu_order":0,"comment_status":"closed","ping_status":"closed","template":"elementor_theme","meta":{"ngg_post_thumbnail":0},"_links":{"self":[{"href":"http:\/\/stadtundkunst.de\/index.php?rest_route=\/wp\/v2\/pages\/461"}],"collection":[{"href":"http:\/\/stadtundkunst.de\/index.php?rest_route=\/wp\/v2\/pages"}],"about":[{"href":"http:\/\/stadtundkunst.de\/index.php?rest_route=\/wp\/v2\/types\/page"}],"author":[{"embeddable":true,"href":"http:\/\/stadtundkunst.de\/index.php?rest_route=\/wp\/v2\/users\/1"}],"replies":[{"embeddable":true,"href":"http:\/\/stadtundkunst.de\/index.php?rest_route=%2Fwp%2Fv2%2Fcomments&post=461"}],"version-history":[{"count":40,"href":"http:\/\/stadtundkunst.de\/index.php?rest_route=\/wp\/v2\/pages\/461\/revisions"}],"predecessor-version":[{"id":504,"href":"http:\/\/stadtundkunst.de\/index.php?rest_route=\/wp\/v2\/pages\/461\/revisions\/504"}],"wp:attachment":[{"href":"http:\/\/stadtundkunst.de\/index.php?rest_route=%2Fwp%2Fv2%2Fmedia&parent=461"}],"curies":[{"name":"wp","href":"https:\/\/api.w.org\/{rel}","templated":true}]}}